{"id":498,"date":"2026-02-09T17:43:02","date_gmt":"2026-02-09T08:43:02","guid":{"rendered":"https:\/\/www.takaominami.com\/?page_id=498"},"modified":"2026-02-11T16:37:58","modified_gmt":"2026-02-11T07:37:58","slug":"home1","status":"publish","type":"page","link":"https:\/\/www.takaominami.com\/","title":{"rendered":"Home [fr]"},"content":{"rendered":"<div class=\"bm-builder clearfix \"><div id=\"\" class=\"module col-12 module-id-1770719348274\" data-module-col=\"12\"><div class=\"module-inside divide-inside\" style=\"--top-mod: 0px;--bottom-mod: 40px;--top-mod-t: 0px;--bottom-mod-t: 40px;--top-mod-m:0px;--bottom-mod-m:20px;\" ><div class=\"sea-divide divide-line ux-mod-nobg\" ><\/div><\/div><\/div><div id=\"\" class=\"module col-12 module-id-1617002155137 bm-wrap row-bottom row-left\" data-module-col=\"12\" data-change-color=\"off\" data-backcolor=\"transparent\" data-frontcolor=\"\" data-logocolor=\"\" data-goto-top=\"off\" data-goto-top-spacing=\"0\" data-goto-disable-m=\"\" data-groupsameheight=\"off\"><div class=\"module-inside group-inside\" style=\"--top-mod: 0px;--bottom-mod: 0px;--top-mod-t: 0px;--bottom-mod-t: 0px;--top-mod-m:0px;--bottom-mod-m:0px;\" ><div id=\"\" class=\"module col-12 module-id-1770703501578\" data-module-col=\"12\"><div class=\"module-inside text-inside\" style=\"--top-mod: 0px;--bottom-mod: 0px;--top-mod-t: 0px;--bottom-mod-t: 0px;--top-mod-m:0px;--bottom-mod-m:0px;\" ><div class=\"text_block_out\"  data-effect=\"standard\" style=\"\"><div class=\"text_block ux-mod-nobg\"><div class=\"text_block_inn\"><div id=\"text-1770703501578\" class=\"text_block_centered text_block_centered_enable_width\"  style=\"\"><p><span style=\"color: #414145;\">Actualit\u00e9s:<\/span><\/p>\n<p>&nbsp;<\/p>\n<p><span style=\"color: #414145;\">[Printemps 2026] (\u00e0 venir)<\/span><\/p>\n<p data-path-to-node=\"2\"><span style=\"color: #414145;\">Exposition personnelle, Ota Fine Arts, Tokyo, Japon<\/span><\/p>\n<p data-path-to-node=\"2\">&nbsp;<\/p>\n<p data-path-to-node=\"2\"><span style=\"color: #414145;\"><a style=\"color: #414145;\" href=\"https:\/\/www.google.com\/search?client=safari&amp;rls=en&amp;q=takao+minami+frac&amp;ie=UTF-8&amp;oe=UTF-8\">[20 mai 2025 \u2013 printemps 2026]<\/a><\/span><\/p>\n<p data-path-to-node=\"3\"><span style=\"color: #414145;\"><a style=\"color: #414145;\" href=\"https:\/\/www.google.com\/search?client=safari&amp;rls=en&amp;q=takao+minami+frac&amp;ie=UTF-8&amp;oe=UTF-8\">\u0152uvre de commande, Frac-Artoth\u00e8que Nouvelle-Aquitaine, Limoges, France<\/a><\/span><\/p>\n<p data-path-to-node=\"3\">&nbsp;<\/p>\n<p data-path-to-node=\"3\"><span style=\"color: #414145;\"><a style=\"color: #414145;\" href=\"https:\/\/www.otafinearts.com\/exhibitions\/329-fragment-hiraki-sawa-nobuaki-takekawa-tang-dixin-hilmi-johandi\/\">[4 f\u00e9vrier \u2013 1er mars 2025]<\/a><\/span><\/p>\n<p data-path-to-node=\"4\"><span style=\"color: #414145;\"><a style=\"color: #414145;\" href=\"https:\/\/www.otafinearts.com\/exhibitions\/329-fragment-hiraki-sawa-nobuaki-takekawa-tang-dixin-hilmi-johandi\/\">\u00ab Fragment \u00bb, Ota Fine Arts, Tokyo, Japon<\/a><\/span><\/p>\n<p data-path-to-node=\"4\">&nbsp;<\/p><\/div><\/div><\/div><\/div><\/div><\/div><div id=\"\" class=\"module col-6 module-id-1617002156612 col-offset-11\" data-module-col=\"6\"><div class=\"module-inside social-media-inside\" style=\"--top-mod: 0px;--bottom-mod: 20px;--top-mod-t: 0px;--bottom-mod-t: 20px;--top-mod-m:0px;--bottom-mod-m:10px;\" ><div class=\"social-media-wrap ux-right ux-right-m ux-horizontal ux-horizontal-m\"><ul class=\"module-social module-social-link \"><li class=\"social-li\" ><a class=\"share\" href=\"https:\/\/www.instagram.com\/takao_minami\/\" target=\"_blank\" rel=\"nofollow noopener noreferrer\"><span class=\"fa fa-instagram fab\"><\/span><\/a><\/li><\/ul><\/div><\/div><\/div><\/div><\/div><div id=\"\" class=\"module col-12 module-id-1618888681450 bm-wrap row-top row-left bm-wrap-height-auto\" data-module-col=\"12\" data-change-color=\"off\" data-backcolor=\"transparent\" data-frontcolor=\"\" data-logocolor=\"\" data-goto-top=\"off\" data-goto-top-spacing=\"0\" data-goto-disable-m=\"\" data-groupsameheight=\"off\"><div class=\"module-inside group-inside\" style=\"--top-mod: 0px;--bottom-mod: 60px;--top-mod-t: 0px;--bottom-mod-t: 60px;--top-mod-m:0px;--bottom-mod-m:30px;\" ><div id=\"\" class=\"module col-12 module-id-1770490177768\" data-module-col=\"12\"><div class=\"module-inside divide-inside\" style=\"--top-mod: 0px;--bottom-mod: 0px;--top-mod-t: 0px;--bottom-mod-t: 0px;--top-mod-m:0px;--bottom-mod-m:0px;\" ><div class=\"sea-divide divide-line ux-mod-nobg\" ><\/div><\/div><\/div><\/div><\/div><div id=\"\" class=\"module col-12 module-id-1770634841917\" data-module-col=\"12\"><div class=\"module-inside grid-inside\" style=\"--cornerRadius:0px 0px 0px 0px ; --top-mod: 0px;--bottom-mod: 0px;--top-mod-t: 0px;--bottom-mod-t: 0px;--top-mod-m:0px;--bottom-mod-m:0px;\" ><div class=\"container-masonry ux-portfolio-1col  ux-portfolio-full    \" data-ratio=\"\" data-col=\"1\" data-found=\"18\" data-number=\"5\" data-mod=\"grid\"><div class=\"masonry-list grid-list clearfix grid-list-1770634841917 grid-list-tit-shown   infiniti-scroll  mouseover-no-effect  img-fitgird-position-middle  \" data-paged=\"2\" data-postid=\"498\" data-max=\"4\" data-unique=\"1770634841917\" data-source=\"ux-portfolio\" data-spaceh=\"0\" data-spacev=\"20\" data-spaceh-m=\"0\" data-spacev-m=\"20\" data-col=\"1\" data-col-m=\"1\"><section class=\"grid-item sea-grid-item filter_fr  \" data-postid=\"502\" data-tit=\"\u00ab Mille C\u00f4tes \u00bb, 2024-2025. Vue d&rsquo;exposition, \u0153uvre command\u00e9e par le Frac-Artoth\u00e8que Nouvelle-Aquitaine, Limoges, France. Architectes : Jakob+MacFarlane. Photo : Roland Halbe.\"><div class=\"grid-item-inside  \" ><div class=\"brick-content ux-lazyload-wrap  \" style=\" padding-top: 133.33333333333%;\" ><a href=\"https:\/\/www.takaominami.com\/fr\/ux-portfolio\/mille-cotes\/\"   class=\"grid-item-mask-link\"><\/a><img decoding=\"async\" class=\"grid-item-img ux-background-img-1st lazy\" src=\"data:image\/gif;base64,R0lGODlhAQABAIAAAAAAAP\/\/\/yH5BAEAAAAALAAAAAABAAEAAAIBRAA7\" data-src=\"https:\/\/www.takaominami.com\/wp-content\/uploads\/2026\/02\/Takao-Minami-Mille-Cotes-2024-2025-Frac-Artotheque-Nouvelle-Aquitaine-Limoges-\u00a9Roland-Halbe-2-copy-1.jpg\" data-srcset=\"https:\/\/www.takaominami.com\/wp-content\/uploads\/2026\/02\/Takao-Minami-Mille-Cotes-2024-2025-Frac-Artotheque-Nouvelle-Aquitaine-Limoges-\u00a9Roland-Halbe-2-copy-1.jpg 900w, https:\/\/www.takaominami.com\/wp-content\/uploads\/2026\/02\/Takao-Minami-Mille-Cotes-2024-2025-Frac-Artotheque-Nouvelle-Aquitaine-Limoges-\u00a9Roland-Halbe-2-copy-1-225x300.jpg 225w, https:\/\/www.takaominami.com\/wp-content\/uploads\/2026\/02\/Takao-Minami-Mille-Cotes-2024-2025-Frac-Artotheque-Nouvelle-Aquitaine-Limoges-\u00a9Roland-Halbe-2-copy-1-768x1024.jpg 768w, https:\/\/www.takaominami.com\/wp-content\/uploads\/2026\/02\/Takao-Minami-Mille-Cotes-2024-2025-Frac-Artotheque-Nouvelle-Aquitaine-Limoges-\u00a9Roland-Halbe-2-copy-1-350x467.jpg 350w, https:\/\/www.takaominami.com\/wp-content\/uploads\/2026\/02\/Takao-Minami-Mille-Cotes-2024-2025-Frac-Artotheque-Nouvelle-Aquitaine-Limoges-\u00a9Roland-Halbe-2-copy-1-arnold-standard-thumb-650x867.jpg 650w\" data-sizes=\"(max-width: 480px) 320px,(max-width: 767px) 500px,(max-width: 900px) 100vw, 900px\" alt=\"\u00ab Mille C\u00f4tes \u00bb, 2024-2025. Vue d&rsquo;exposition, \u0153uvre command\u00e9e par le Frac-Artoth\u00e8que Nouvelle-Aquitaine, Limoges, France. Architectes : Jakob+MacFarlane. Photo : Roland Halbe.\"><\/div><div class=\"grid-item-con-text-tit-shown grid-text-left standard-text-padding\"><h2 class=\"grid-item-tit\"><a href=\"https:\/\/www.takaominami.com\/fr\/ux-portfolio\/mille-cotes\/\" title=\"\u00ab Mille C\u00f4tes \u00bb, 2024-2025. Vue d&rsquo;exposition, \u0153uvre command\u00e9e par le Frac-Artoth\u00e8que Nouvelle-Aquitaine, Limoges, France. Architectes : Jakob+MacFarlane. Photo : Roland Halbe.\" class=\"grid-item-tit-a\" rel=\" \">\u00ab Mille C\u00f4tes \u00bb, 2024-2025. Vue d&rsquo;exposition, \u0153uvre command\u00e9e par le Frac-Artoth\u00e8que Nouvelle-Aquitaine, Limoges, France. Architectes : Jakob+MacFarlane. Photo : Roland Halbe.<\/a><\/h2><\/div><\/div><\/section><section class=\"grid-item sea-grid-item filter_fr  \" data-postid=\"504\" data-tit=\"\u00ab Sundial (Paris) \u00bb, 2022. S\u00e9rie de 12 photographies, tirage couleur, tirage 24 x 36 cm, cadre 40 x 52 cm.\"><div class=\"grid-item-inside  \" ><div class=\"brick-content ux-lazyload-wrap  \" style=\" padding-top: 66.666666666667%;\" ><a href=\"https:\/\/www.takaominami.com\/fr\/ux-portfolio\/bm-content-builder-310\/\"   class=\"grid-item-mask-link\"><\/a><img decoding=\"async\" class=\"grid-item-img ux-background-img-1st lazy\" src=\"data:image\/gif;base64,R0lGODlhAQABAIAAAAAAAP\/\/\/yH5BAEAAAAALAAAAAABAAEAAAIBRAA7\" data-src=\"https:\/\/www.takaominami.com\/wp-content\/uploads\/2026\/02\/DSC01516.jpg\" data-srcset=\"https:\/\/www.takaominami.com\/wp-content\/uploads\/2026\/02\/DSC01516.jpg 1200w, https:\/\/www.takaominami.com\/wp-content\/uploads\/2026\/02\/DSC01516-300x200.jpg 300w, https:\/\/www.takaominami.com\/wp-content\/uploads\/2026\/02\/DSC01516-1024x683.jpg 1024w, https:\/\/www.takaominami.com\/wp-content\/uploads\/2026\/02\/DSC01516-768x512.jpg 768w, https:\/\/www.takaominami.com\/wp-content\/uploads\/2026\/02\/DSC01516-350x233.jpg 350w, https:\/\/www.takaominami.com\/wp-content\/uploads\/2026\/02\/DSC01516-arnold-standard-thumb-650x433.jpg 650w, https:\/\/www.takaominami.com\/wp-content\/uploads\/2026\/02\/DSC01516-arnold-standard-thumb-medium-1000x667.jpg 1000w\" data-sizes=\"(max-width: 480px) 320px,(max-width: 767px) 500px,(max-width: 1200px) 100vw, 1200px\" alt=\"\u00ab Sundial (Paris) \u00bb, 2022. S\u00e9rie de 12 photographies, tirage couleur, tirage 24 x 36 cm, cadre 40 x 52 cm.\"><\/div><div class=\"grid-item-con-text-tit-shown grid-text-left standard-text-padding\"><h2 class=\"grid-item-tit\"><a href=\"https:\/\/www.takaominami.com\/fr\/ux-portfolio\/bm-content-builder-310\/\" title=\"\u00ab Sundial (Paris) \u00bb, 2022. S\u00e9rie de 12 photographies, tirage couleur, tirage 24 x 36 cm, cadre 40 x 52 cm.\" class=\"grid-item-tit-a\" rel=\" \">\u00ab Sundial (Paris) \u00bb, 2022. S\u00e9rie de 12 photographies, tirage couleur, tirage 24 x 36 cm, cadre 40 x 52 cm.<\/a><\/h2><\/div><\/div><\/section><section class=\"grid-item sea-grid-item filter_fr  \" data-postid=\"508\" data-tit=\"\u00ab Architecture Survey -Casa Wabi #3 \u00bb, 2020. Vid\u00e9o HD avec son, cam\u00e9ras de surveillance contr\u00f4l\u00e9es par programme, avec audio, vid\u00e9oprojecteur.\"><div class=\"grid-item-inside  \" ><div class=\"brick-content ux-lazyload-wrap  \" style=\" padding-top: 66.666666666667%;\" ><a href=\"https:\/\/www.takaominami.com\/fr\/ux-portfolio\/architecture-survey-casa-wabi-3-2020-computer-program-controlled-surveying-camera-and-video-with-audio-video-projector\/\"   class=\"grid-item-mask-link\"><\/a><img decoding=\"async\" class=\"grid-item-img ux-background-img-1st lazy\" src=\"data:image\/gif;base64,R0lGODlhAQABAIAAAAAAAP\/\/\/yH5BAEAAAAALAAAAAABAAEAAAIBRAA7\" data-src=\"https:\/\/www.takaominami.com\/wp-content\/uploads\/2026\/02\/03.jpg\" data-srcset=\"https:\/\/www.takaominami.com\/wp-content\/uploads\/2026\/02\/03.jpg 1200w, https:\/\/www.takaominami.com\/wp-content\/uploads\/2026\/02\/03-300x200.jpg 300w, https:\/\/www.takaominami.com\/wp-content\/uploads\/2026\/02\/03-1024x683.jpg 1024w, https:\/\/www.takaominami.com\/wp-content\/uploads\/2026\/02\/03-768x512.jpg 768w, https:\/\/www.takaominami.com\/wp-content\/uploads\/2026\/02\/03-350x233.jpg 350w, https:\/\/www.takaominami.com\/wp-content\/uploads\/2026\/02\/03-arnold-standard-thumb-650x433.jpg 650w, https:\/\/www.takaominami.com\/wp-content\/uploads\/2026\/02\/03-arnold-standard-thumb-medium-1000x667.jpg 1000w\" data-sizes=\"(max-width: 480px) 320px,(max-width: 767px) 500px,(max-width: 1200px) 100vw, 1200px\" alt=\"\u00ab Architecture Survey -Casa Wabi #3 \u00bb, 2020. Vid\u00e9o HD avec son, cam\u00e9ras de surveillance contr\u00f4l\u00e9es par programme, avec audio, vid\u00e9oprojecteur.\"><\/div><div class=\"grid-item-con-text-tit-shown grid-text-left standard-text-padding\"><h2 class=\"grid-item-tit\"><a href=\"https:\/\/www.takaominami.com\/fr\/ux-portfolio\/architecture-survey-casa-wabi-3-2020-computer-program-controlled-surveying-camera-and-video-with-audio-video-projector\/\" title=\"\u00ab Architecture Survey -Casa Wabi #3 \u00bb, 2020. Vid\u00e9o HD avec son, cam\u00e9ras de surveillance contr\u00f4l\u00e9es par programme, avec audio, vid\u00e9oprojecteur.\" class=\"grid-item-tit-a\" rel=\" \">\u00ab Architecture Survey -Casa Wabi #3 \u00bb, 2020. Vid\u00e9o HD avec son, cam\u00e9ras de surveillance contr\u00f4l\u00e9es par programme, avec audio, vid\u00e9oprojecteur.<\/a><\/h2><\/div><\/div><\/section><section class=\"grid-item sea-grid-item filter_fr  \" data-postid=\"545\" data-tit=\"\u00ab Collection Survey -Hokkaido Museum of Northern Peoples \u00bb, 2019. Vue de l&rsquo;installation. Photo par Yoshisato Komaki. Courtoisie de Sapporo Tenjinyama Art Studio.\"><div class=\"grid-item-inside  \" ><div class=\"brick-content ux-lazyload-wrap  \" style=\" padding-top: 66.666666666667%;\" ><a href=\"https:\/\/www.takaominami.com\/fr\/ux-portfolio\/collection-survey-hokkaido-museum-of-northern-peoples-2019-installation-view-video-by-yoshisato-komaki-courtesy-of-sapporo-tenjinyama-art-studio\/\"   class=\"grid-item-mask-link\"><\/a><img decoding=\"async\" class=\"grid-item-img ux-background-img-1st lazy\" src=\"data:image\/gif;base64,R0lGODlhAQABAIAAAAAAAP\/\/\/yH5BAEAAAAALAAAAAABAAEAAAIBRAA7\" data-src=\"https:\/\/www.takaominami.com\/wp-content\/uploads\/2026\/02\/a_DSC6743-copy.jpg\" data-srcset=\"https:\/\/www.takaominami.com\/wp-content\/uploads\/2026\/02\/a_DSC6743-copy.jpg 1200w, https:\/\/www.takaominami.com\/wp-content\/uploads\/2026\/02\/a_DSC6743-copy-300x200.jpg 300w, https:\/\/www.takaominami.com\/wp-content\/uploads\/2026\/02\/a_DSC6743-copy-1024x683.jpg 1024w, https:\/\/www.takaominami.com\/wp-content\/uploads\/2026\/02\/a_DSC6743-copy-768x512.jpg 768w, https:\/\/www.takaominami.com\/wp-content\/uploads\/2026\/02\/a_DSC6743-copy-350x233.jpg 350w, https:\/\/www.takaominami.com\/wp-content\/uploads\/2026\/02\/a_DSC6743-copy-arnold-standard-thumb-650x433.jpg 650w, https:\/\/www.takaominami.com\/wp-content\/uploads\/2026\/02\/a_DSC6743-copy-arnold-standard-thumb-medium-1000x667.jpg 1000w\" data-sizes=\"(max-width: 480px) 320px,(max-width: 767px) 500px,(max-width: 1200px) 100vw, 1200px\" alt=\"\u00ab Collection Survey -Hokkaido Museum of Northern Peoples \u00bb, 2019. Vue de l&rsquo;installation. Photo par Yoshisato Komaki. Courtoisie de Sapporo Tenjinyama Art Studio.\"><\/div><div class=\"grid-item-con-text-tit-shown grid-text-left standard-text-padding\"><h2 class=\"grid-item-tit\"><a href=\"https:\/\/www.takaominami.com\/fr\/ux-portfolio\/collection-survey-hokkaido-museum-of-northern-peoples-2019-installation-view-video-by-yoshisato-komaki-courtesy-of-sapporo-tenjinyama-art-studio\/\" title=\"\u00ab Collection Survey -Hokkaido Museum of Northern Peoples \u00bb, 2019. Vue de l&rsquo;installation. Photo par Yoshisato Komaki. Courtoisie de Sapporo Tenjinyama Art Studio.\" class=\"grid-item-tit-a\" rel=\" \">\u00ab Collection Survey -Hokkaido Museum of Northern Peoples \u00bb, 2019. Vue de l&rsquo;installation. Photo par Yoshisato Komaki. Courtoisie de Sapporo Tenjinyama Art Studio.<\/a><\/h2><\/div><\/div><\/section><section class=\"grid-item sea-grid-item filter_fr  \" data-postid=\"546\" data-tit=\"\u00ab Medi \u00bb, 2016. 6 channel video with sound, 9min, installation view, The National Art Center, Tokyo. Photo par Shizune Shiigi. Courtoisie de Agency of Cultural Affairs, Japan.\"><div class=\"grid-item-inside  \" ><div class=\"brick-content ux-lazyload-wrap  \" style=\" padding-top: 68.083333333333%;\" ><a href=\"https:\/\/www.takaominami.com\/fr\/ux-portfolio\/medi-2016-6-channel-video-with-sound-9min-installation-view-the-national-art-center-tokyo-photo-by-shizune-shiigi\/\"   class=\"grid-item-mask-link\"><\/a><img decoding=\"async\" class=\"grid-item-img ux-background-img-1st lazy\" src=\"data:image\/gif;base64,R0lGODlhAQABAIAAAAAAAP\/\/\/yH5BAEAAAAALAAAAAABAAEAAAIBRAA7\" data-src=\"https:\/\/www.takaominami.com\/wp-content\/uploads\/2026\/02\/03_minami-01-copy.jpg\" data-srcset=\"https:\/\/www.takaominami.com\/wp-content\/uploads\/2026\/02\/03_minami-01-copy.jpg 1200w, https:\/\/www.takaominami.com\/wp-content\/uploads\/2026\/02\/03_minami-01-copy-300x204.jpg 300w, https:\/\/www.takaominami.com\/wp-content\/uploads\/2026\/02\/03_minami-01-copy-1024x697.jpg 1024w, https:\/\/www.takaominami.com\/wp-content\/uploads\/2026\/02\/03_minami-01-copy-768x523.jpg 768w, https:\/\/www.takaominami.com\/wp-content\/uploads\/2026\/02\/03_minami-01-copy-350x238.jpg 350w, https:\/\/www.takaominami.com\/wp-content\/uploads\/2026\/02\/03_minami-01-copy-arnold-standard-thumb-650x443.jpg 650w, https:\/\/www.takaominami.com\/wp-content\/uploads\/2026\/02\/03_minami-01-copy-arnold-standard-thumb-medium-1000x681.jpg 1000w\" data-sizes=\"(max-width: 480px) 320px,(max-width: 767px) 500px,(max-width: 1200px) 100vw, 1200px\" alt=\"\u00ab Medi \u00bb, 2016. 6 channel video with sound, 9min, installation view, The National Art Center, Tokyo. Photo par Shizune Shiigi. Courtoisie de Agency of Cultural Affairs, Japan.\"><\/div><div class=\"grid-item-con-text-tit-shown grid-text-left standard-text-padding\"><h2 class=\"grid-item-tit\"><a href=\"https:\/\/www.takaominami.com\/fr\/ux-portfolio\/medi-2016-6-channel-video-with-sound-9min-installation-view-the-national-art-center-tokyo-photo-by-shizune-shiigi\/\" title=\"\u00ab Medi \u00bb, 2016. 6 channel video with sound, 9min, installation view, The National Art Center, Tokyo. Photo par Shizune Shiigi. Courtoisie de Agency of Cultural Affairs, Japan.\" class=\"grid-item-tit-a\" rel=\" \">\u00ab Medi \u00bb, 2016. 6 channel video with sound, 9min, installation view, The National Art Center, Tokyo. Photo par Shizune Shiigi. Courtoisie de Agency of Cultural Affairs, Japan.<\/a><\/h2><\/div><\/div><\/section><\/div><div class=\"infiniscroll-hide\" data-moduleid=\"grid\" data-unique=\"1770634841917\" data-found=\"18\" data-postid=\"498\"><span class=\"infinite-dots\"><span class=\"infinite-dot\"><\/span><\/span><\/div><\/div><\/div><\/div><div id=\"\" class=\"module col-12 module-id-1770514184286\" data-module-col=\"12\"><div class=\"module-inside divide-inside\" style=\"--top-mod: 60px;--bottom-mod: 0px;--top-mod-t: 60px;--bottom-mod-t: 0px;--top-mod-m:30px;--bottom-mod-m:0px;\" ><div class=\"sea-divide divide-line ux-mod-nobg\" ><\/div><\/div><\/div><\/div>","protected":false},"excerpt":{"rendered":"<p>Actualit\u00e9s: &nbsp; [Printemps 2026] (\u00e0 venir) Exposition personnelle, Ota Fine &hellip;<\/p>\n","protected":false},"author":1,"featured_media":0,"parent":0,"menu_order":0,"comment_status":"closed","ping_status":"closed","template":"","meta":{"_locale":"fr_FR","_original_post":"https:\/\/www.takaominami.com\/?page_id=128","footnotes":""},"class_list":["post-498","page","type-page","status-publish","hentry","fr-FR"],"_links":{"self":[{"href":"https:\/\/www.takaominami.com\/wp-json\/wp\/v2\/pages\/498","targetHints":{"allow":["GET"]}}],"collection":[{"href":"https:\/\/www.takaominami.com\/wp-json\/wp\/v2\/pages"}],"about":[{"href":"https:\/\/www.takaominami.com\/wp-json\/wp\/v2\/types\/page"}],"author":[{"embeddable":true,"href":"https:\/\/www.takaominami.com\/wp-json\/wp\/v2\/users\/1"}],"replies":[{"embeddable":true,"href":"https:\/\/www.takaominami.com\/wp-json\/wp\/v2\/comments?post=498"}],"version-history":[{"count":1,"href":"https:\/\/www.takaominami.com\/wp-json\/wp\/v2\/pages\/498\/revisions"}],"predecessor-version":[{"id":499,"href":"https:\/\/www.takaominami.com\/wp-json\/wp\/v2\/pages\/498\/revisions\/499"}],"wp:attachment":[{"href":"https:\/\/www.takaominami.com\/wp-json\/wp\/v2\/media?parent=498"}],"curies":[{"name":"wp","href":"https:\/\/api.w.org\/{rel}","templated":true}]}}